{"id":200,"date":"2024-03-28T10:35:01","date_gmt":"2024-03-28T09:35:01","guid":{"rendered":"https:\/\/lesjardinsdusalignon.fr\/?page_id=200"},"modified":"2025-10-02T10:26:54","modified_gmt":"2025-10-02T08:26:54","slug":"a-propos","status":"publish","type":"page","link":"https:\/\/lesjardinsdusalignon.fr\/index.php\/a-propos\/","title":{"rendered":"A propos"},"content":{"rendered":"\n<div class=\"wp-block-cover alignfull is-light has-custom-content-position is-position-bottom-left wp-duotone-unset-1\" style=\"min-height:583px;aspect-ratio:unset;\"><img loading=\"lazy\" decoding=\"async\" width=\"1600\" height=\"1200\" class=\"wp-block-cover__image-background wp-image-35\" alt=\"\" src=\"http:\/\/lesjardinsdusalignon.fr\/wp-content\/uploads\/2023\/04\/IMG-20220519-WA0003.jpg\" style=\"object-position:41% 72%\" data-object-fit=\"cover\" data-object-position=\"41% 72%\" srcset=\"https:\/\/lesjardinsdusalignon.fr\/wp-content\/uploads\/2023\/04\/IMG-20220519-WA0003.jpg 1600w, https:\/\/lesjardinsdusalignon.fr\/wp-content\/uploads\/2023\/04\/IMG-20220519-WA0003-300x225.jpg 300w, https:\/\/lesjardinsdusalignon.fr\/wp-content\/uploads\/2023\/04\/IMG-20220519-WA0003-1024x768.jpg 1024w, https:\/\/lesjardinsdusalignon.fr\/wp-content\/uploads\/2023\/04\/IMG-20220519-WA0003-768x576.jpg 768w, https:\/\/lesjardinsdusalignon.fr\/wp-content\/uploads\/2023\/04\/IMG-20220519-WA0003-1536x1152.jpg 1536w\" sizes=\"auto, (max-width: 1600px) 100vw, 1600px\" \/><span aria-hidden=\"true\" class=\"wp-block-cover__background has-background-dim-0 has-background-dim has-background-gradient\" style=\"background:linear-gradient(35deg,rgb(6,0,151) 0%,rgb(130,4,255) 73%,rgb(193,15,255) 100%)\"><\/span><div class=\"wp-block-cover__inner-container is-layout-flow wp-block-cover-is-layout-flow\">\n<div class=\"inherit-container-width wp-block-group alignwide is-layout-constrained wp-block-group-is-layout-constrained\">\n<h1 class=\"wp-block-heading has-text-align-left has-ast-global-color-5-color has-text-color has-x-large-font-size\">Ferme maraich\u00e8re bio aux portes du Haut-Doubs<\/h1>\n<\/div>\n<\/div><\/div>\n\n\n\n<div class=\"wp-block-group alignfull has-ast-global-color-5-background-color has-background is-layout-constrained wp-container-core-group-is-layout-9cedb757 wp-block-group-is-layout-constrained\" style=\"padding-bottom:0px\">\n<div class=\"wp-block-columns are-vertically-aligned-top is-layout-flex wp-container-core-columns-is-layout-00723822 wp-block-columns-is-layout-flex\">\n<div class=\"wp-block-column is-layout-flow wp-block-column-is-layout-flow\">\n<h2 class=\"wp-block-heading\">A propos<\/h2>\n\n\n\n<div style=\"height:52px\" aria-hidden=\"true\" class=\"wp-block-spacer\"><\/div>\n\n\n\n<div class=\"wp-block-columns is-layout-flex wp-container-core-columns-is-layout-28f84493 wp-block-columns-is-layout-flex\">\n<div class=\"wp-block-column is-layout-flow wp-block-column-is-layout-flow\">\n<figure class=\"wp-block-image alignfull size-full\"><img loading=\"lazy\" decoding=\"async\" width=\"2560\" height=\"1707\" src=\"https:\/\/lesjardinsdusalignon.fr\/wp-content\/uploads\/2024\/03\/DSC_0300-1-min-scaled.jpg\" alt=\"\" class=\"wp-image-202\" srcset=\"https:\/\/lesjardinsdusalignon.fr\/wp-content\/uploads\/2024\/03\/DSC_0300-1-min-scaled.jpg 2560w, https:\/\/lesjardinsdusalignon.fr\/wp-content\/uploads\/2024\/03\/DSC_0300-1-min-300x200.jpg 300w, https:\/\/lesjardinsdusalignon.fr\/wp-content\/uploads\/2024\/03\/DSC_0300-1-min-1024x683.jpg 1024w, https:\/\/lesjardinsdusalignon.fr\/wp-content\/uploads\/2024\/03\/DSC_0300-1-min-768x512.jpg 768w, https:\/\/lesjardinsdusalignon.fr\/wp-content\/uploads\/2024\/03\/DSC_0300-1-min-1536x1024.jpg 1536w, https:\/\/lesjardinsdusalignon.fr\/wp-content\/uploads\/2024\/03\/DSC_0300-1-min-2048x1365.jpg 2048w\" sizes=\"auto, (max-width: 2560px) 100vw, 2560px\" \/><\/figure>\n<\/div>\n\n\n\n<div class=\"wp-block-column is-layout-flow wp-block-column-is-layout-flow\">\n<h4 class=\"wp-block-heading\">Le mara\u00eecher<\/h4>\n\n\n\n<p>Moi c&#8217;est Anthony, \u00e0 l&#8217;origine de ce projet un peu fou. Apr\u00e8s une premi\u00e8re exp\u00e9rience professionnelle en Bretagne en tant qu&#8217;ing\u00e9nieur agronome, j&#8217;ai d\u00e9cid\u00e9 en 2021 de &#8220;revenir au pays&#8221;, pour m&#8217;installer en tant que maraicher dans mon village d&#8217;enfance.<br>C&#8217;est gr\u00e2ce \u00e0 mes grands-parents et parents que la passion du jardinage m&#8217;est venue. Le jardin familial n&#8217;\u00e9tant qu&#8217;\u00e0 deux pas de la maison, il \u00e9tait facile d&#8217;aller donner un coup de main pour planter les tomates, r\u00e9colter les haricots ou attraper les doryphores\u2026<br>Cette passion m&#8217;a (pour)suivie tout au long de mes jeunes ann\u00e9es, et l&#8217;id\u00e9e d&#8217;en faire mon m\u00e9tier est ensuite apparue comme une \u00e9vidence apr\u00e8s quelques ann\u00e9es d&#8217;exp\u00e9rience professionnelle.<br>Fin 2021, j&#8217;ai eu la chance de pouvoir m&#8217;installer en maraichage sur une parcelle qui appartenait \u00e0 mes grand-parents, ce qui me rend chaque jour fier de conserver cette tradition du jardinage dans la famille.<\/p>\n<\/div>\n<\/div>\n\n\n\n<div style=\"height:52px\" aria-hidden=\"true\" class=\"wp-block-spacer\"><\/div>\n\n\n\n<div class=\"wp-block-columns is-layout-flex wp-container-core-columns-is-layout-28f84493 wp-block-columns-is-layout-flex\">\n<div class=\"wp-block-column is-layout-flow wp-block-column-is-layout-flow\">\n<div class=\"wp-block-columns is-layout-flex wp-container-core-columns-is-layout-28f84493 wp-block-columns-is-layout-flex\">\n<div class=\"wp-block-column is-layout-flow wp-block-column-is-layout-flow\">\n<h4 class=\"wp-block-heading\">Le nom de &#8220;Salignon&#8221;<\/h4>\n\n\n\n<p>Les Jardins du Salignon, c&#8217;est le nom historique port\u00e9 par la parcelle sur laquelle je cultive mes l\u00e9gumes.<br>Dans la famille, nous n&#8217;\u00e9tions pourtant jamais vraiment s\u00fbr de l&#8217;orthographe et de la prononciation de son nom : &#8220;<em>Soleignon<\/em>&#8221; ? &#8220;<em>Solugnon<\/em>&#8221; ?<br>C&#8217;est pourquoi, avant de m&#8217;installer, je me suis plong\u00e9 dans les archives pour rechercher le &#8220;vrai&#8221; nom de cette parcelle, celui du &#8220;Salignon&#8221;, et il est plein de sens.<br>Le salignon d\u00e9signe en effet le &#8220;pain de sel&#8221;, forme sous laquelle le sel \u00e9tait autrefois transport\u00e9. Et \u00e0 l&#8217;\u00e9poque, le village de Fallerans \u00e9tait un point de passage important de la route du sel, des Salines d&#8217;Arc-et-Senans vers la Suisse : la boucle est boucl\u00e9e !<br>Le nom de cette parcelle h\u00e9rite donc de l&#8217;histoire de cette route du sel.<\/p>\n<\/div>\n\n\n\n<div class=\"wp-block-column is-layout-flow wp-block-column-is-layout-flow\">\n<figure class=\"wp-block-image size-large\"><img loading=\"lazy\" decoding=\"async\" width=\"1024\" height=\"667\" src=\"https:\/\/lesjardinsdusalignon.fr\/wp-content\/uploads\/2024\/03\/un-coin-de-fallerans-1-1024x667.jpg\" alt=\"\" class=\"wp-image-205\" srcset=\"https:\/\/lesjardinsdusalignon.fr\/wp-content\/uploads\/2024\/03\/un-coin-de-fallerans-1-1024x667.jpg 1024w, https:\/\/lesjardinsdusalignon.fr\/wp-content\/uploads\/2024\/03\/un-coin-de-fallerans-1-300x195.jpg 300w, https:\/\/lesjardinsdusalignon.fr\/wp-content\/uploads\/2024\/03\/un-coin-de-fallerans-1-768x500.jpg 768w, https:\/\/lesjardinsdusalignon.fr\/wp-content\/uploads\/2024\/03\/un-coin-de-fallerans-1.jpg 1136w\" sizes=\"auto, (max-width: 1024px) 100vw, 1024px\" \/><\/figure>\n<\/div>\n<\/div>\n<\/div>\n<\/div>\n\n\n\n<div style=\"height:52px\" aria-hidden=\"true\" class=\"wp-block-spacer\"><\/div>\n\n\n\n<div class=\"wp-block-columns is-layout-flex wp-container-core-columns-is-layout-28f84493 wp-block-columns-is-layout-flex\">\n<div class=\"wp-block-column is-layout-flow wp-block-column-is-layout-flow\">\n<figure class=\"wp-block-image size-full\"><img loading=\"lazy\" decoding=\"async\" width=\"2560\" height=\"2560\" src=\"https:\/\/lesjardinsdusalignon.fr\/wp-content\/uploads\/2024\/03\/IMG_20230803_094039_840-min-edited-scaled.jpg\" alt=\"\" class=\"wp-image-207\" srcset=\"https:\/\/lesjardinsdusalignon.fr\/wp-content\/uploads\/2024\/03\/IMG_20230803_094039_840-min-edited-scaled.jpg 2560w, https:\/\/lesjardinsdusalignon.fr\/wp-content\/uploads\/2024\/03\/IMG_20230803_094039_840-min-edited-300x300.jpg 300w, https:\/\/lesjardinsdusalignon.fr\/wp-content\/uploads\/2024\/03\/IMG_20230803_094039_840-min-edited-1024x1024.jpg 1024w, https:\/\/lesjardinsdusalignon.fr\/wp-content\/uploads\/2024\/03\/IMG_20230803_094039_840-min-edited-150x150.jpg 150w, https:\/\/lesjardinsdusalignon.fr\/wp-content\/uploads\/2024\/03\/IMG_20230803_094039_840-min-edited-768x768.jpg 768w, https:\/\/lesjardinsdusalignon.fr\/wp-content\/uploads\/2024\/03\/IMG_20230803_094039_840-min-edited-1536x1536.jpg 1536w, https:\/\/lesjardinsdusalignon.fr\/wp-content\/uploads\/2024\/03\/IMG_20230803_094039_840-min-edited-2048x2048.jpg 2048w\" sizes=\"auto, (max-width: 2560px) 100vw, 2560px\" \/><\/figure>\n<\/div>\n\n\n\n<div class=\"wp-block-column is-layout-flow wp-block-column-is-layout-flow\">\n<h4 class=\"wp-block-heading\">Mes valeurs<\/h4>\n\n\n\n<p>Si j&#8217;ai fait le choix de m&#8217;installer dans mon village d&#8217;enfance, c&#8217;est aussi pour participer activement \u00e0 la vie du village et ramener du lien social dans nos petites communes. Le moment de la vente est un moment privil\u00e9gi\u00e9 pour moi et les visiteurs, l&#8217;occasion d&#8217;\u00e9changer autour du jardin, de la vie locale, de nos modes de consommation, etc.<br>Produire des l\u00e9gumes de saison, bio, avec une faible m\u00e9canisation n&#8217;est pas de tout repos. Cela demande de composer avec la m\u00e9t\u00e9o, les maladies et ravageurs, la nature en fait ! Cependant c&#8217;est pour moi un mod\u00e8le qui a de l&#8217;avenir, car il permet sur une petite surface de produire une quantit\u00e9 \u00e9norme d&#8217;aliments, avec un impact minime sur la faune et la flore environnante.<br>C&#8217;est pourquoi j&#8217;ai \u00e0 c\u0153ur de pr\u00e9server l&#8217;environnement qui entoure les jardins (maintient et plantation de haies, nichoirs, refuges \u00e0 insectes et animaux sauvage), afin de limiter le &#8220;d\u00e9s\u00e9quilibre&#8221; que peut induire une production maraich\u00e8re, et d&#8217;en faire un \u00e9cosyst\u00e8me riche en biodiversit\u00e9.<br>J&#8217;ai \u00e9galement fait le choix de la vente directe pour commercialiser mes produits. Cela rajoute une grosse charge de travail et une astreinte de mai jusqu&#8217;\u00e0 fin d\u00e9cembre, mais permet \u00e0 une ferme de ce type d&#8217;\u00eatre rentable \u00e9conomiquement, donc durable. Cela me permet m\u00eame d&#8217;employer un saisonnier sur la p\u00e9riode de production ! Enfin, vendre en direct, c&#8217;est garder le lien avec le consommateur, qu&#8217;il est pr\u00e9cieux de conserver.<\/p>\n\n\n\n<p><\/p>\n<\/div>\n<\/div>\n\n\n\n<div style=\"height:52px\" aria-hidden=\"true\" class=\"wp-block-spacer\"><\/div>\n<\/div>\n<\/div>\n<\/div>\n\n\n\n<div style=\"height:46px\" aria-hidden=\"true\" class=\"wp-block-spacer\"><\/div>\n","protected":false},"excerpt":{"rendered":"<p>A propos Le mara\u00eecher Moi c&#8217;est Anthony, \u00e0 l&#8217;origine de ce projet un peu fou. Apr\u00e8s une premi\u00e8re exp\u00e9rience professionnelle en Bretagne en tant qu&#8217;ing\u00e9nieur agronome, j&#8217;ai d\u00e9cid\u00e9 en 2021 de &#8220;revenir au pays&#8221;, pour m&#8217;installer en tant que maraicher dans mon village d&#8217;enfance.C&#8217;est gr\u00e2ce \u00e0 mes grands-parents et parents que la passion du jardinage [&hellip;]<\/p>\n","protected":false},"author":1,"featured_media":0,"parent":0,"menu_order":0,"comment_status":"closed","ping_status":"closed","template":"","meta":{"site-sidebar-layout":"default","site-content-layout":"","ast-site-content-layout":"default","site-content-style":"default","site-sidebar-style":"default","ast-global-header-display":"","ast-banner-title-visibility":"","ast-main-header-display":"","ast-hfb-above-header-display":"","ast-hfb-below-header-display":"","ast-hfb-mobile-header-display":"","site-post-title":"","ast-breadcrumbs-content":"","ast-featured-img":"","footer-sml-layout":"","theme-transparent-header-meta":"","adv-header-id-meta":"","stick-header-meta":"","header-above-stick-meta":"","header-main-stick-meta":"","header-below-stick-meta":"","astra-migrate-meta-layouts":"set","ast-page-background-enabled":"default","ast-page-background-meta":{"desktop":{"background-color":"var(--ast-global-color-4)","background-image":"","background-repeat":"repeat","background-position":"center center","background-size":"auto","background-attachment":"scroll","background-type":"","background-media":"","overlay-type":"","overlay-color":"","overlay-gradient":""},"tablet":{"background-color":"","background-image":"","background-repeat":"repeat","background-position":"center center","background-size":"auto","background-attachment":"scroll","background-type":"","background-media":"","overlay-type":"","overlay-color":"","overlay-gradient":""},"mobile":{"background-color":"","background-image":"","background-repeat":"repeat","background-position":"center center","background-size":"auto","background-attachment":"scroll","background-type":"","background-media":"","overlay-type":"","overlay-color":"","overlay-gradient":""}},"ast-content-background-meta":{"desktop":{"background-color":"var(--ast-global-color-5)","background-image":"","background-repeat":"repeat","background-position":"center center","background-size":"auto","background-attachment":"scroll","background-type":"","background-media":"","overlay-type":"","overlay-color":"","overlay-gradient":""},"tablet":{"background-color":"var(--ast-global-color-5)","background-image":"","background-repeat":"repeat","background-position":"center center","background-size":"auto","background-attachment":"scroll","background-type":"","background-media":"","overlay-type":"","overlay-color":"","overlay-gradient":""},"mobile":{"background-color":"var(--ast-global-color-5)","background-image":"","background-repeat":"repeat","background-position":"center center","background-size":"auto","background-attachment":"scroll","background-type":"","background-media":"","overlay-type":"","overlay-color":"","overlay-gradient":""}},"footnotes":""},"class_list":["post-200","page","type-page","status-publish","hentry"],"_links":{"self":[{"href":"https:\/\/lesjardinsdusalignon.fr\/index.php\/wp-json\/wp\/v2\/pages\/200","targetHints":{"allow":["GET"]}}],"collection":[{"href":"https:\/\/lesjardinsdusalignon.fr\/index.php\/wp-json\/wp\/v2\/pages"}],"about":[{"href":"https:\/\/lesjardinsdusalignon.fr\/index.php\/wp-json\/wp\/v2\/types\/page"}],"author":[{"embeddable":true,"href":"https:\/\/lesjardinsdusalignon.fr\/index.php\/wp-json\/wp\/v2\/users\/1"}],"replies":[{"embeddable":true,"href":"https:\/\/lesjardinsdusalignon.fr\/index.php\/wp-json\/wp\/v2\/comments?post=200"}],"version-history":[{"count":5,"href":"https:\/\/lesjardinsdusalignon.fr\/index.php\/wp-json\/wp\/v2\/pages\/200\/revisions"}],"predecessor-version":[{"id":254,"href":"https:\/\/lesjardinsdusalignon.fr\/index.php\/wp-json\/wp\/v2\/pages\/200\/revisions\/254"}],"wp:attachment":[{"href":"https:\/\/lesjardinsdusalignon.fr\/index.php\/wp-json\/wp\/v2\/media?parent=200"}],"curies":[{"name":"wp","href":"https:\/\/api.w.org\/{rel}","templated":true}]}}